{"version":"1.0","provider_name":"R\u00e0dio Litoral","provider_url":"https:\/\/radiolitoral.com\/ca","title":"Tres puntos de oro para la UD Calpe | R\u00e0dio Litoral","type":"rich","width":600,"height":338,"html":"<blockquote class=\"wp-embedded-content\" data-secret=\"aMtB5giySy\"><a href=\"https:\/\/radiolitoral.com\/ca\/2025\/12\/tres-puntos-de-oro-para-la-ud-calpe\/\">Tres punts d&#039;or per a la UD Calpe<\/a><\/blockquote><iframe sandbox=\"allow-scripts\" security=\"restricted\" src=\"https:\/\/radiolitoral.com\/ca\/2025\/12\/tres-puntos-de-oro-para-la-ud-calpe\/embed\/#?secret=aMtB5giySy\" width=\"600\" height=\"338\" title=\"&#8220;Tres puntos de oro para la UD Calpe&#8221; &#8212; R\u00e0dio Litoral\" data-secret=\"aMtB5giySy\" frameborder=\"0\" marginwidth=\"0\" marginheight=\"0\" scrolling=\"no\" class=\"wp-embedded-content\"><\/iframe><script>\n\/*! This file is auto-generated *\/\n!function(d,l){\"use strict\";l.querySelector&&d.addEventListener&&\"undefined\"!=typeof URL&&(d.wp=d.wp||{},d.wp.receiveEmbedMessage||(d.wp.receiveEmbedMessage=function(e){var t=e.data;if((t||t.secret||t.message||t.value)&&!\/[^a-zA-Z0-9]\/.test(t.secret)){for(var s,r,n,a=l.querySelectorAll('iframe[data-secret=\"'+t.secret+'\"]'),o=l.querySelectorAll('blockquote[data-secret=\"'+t.secret+'\"]'),c=new RegExp(\"^https?:$\",\"i\"),i=0;i<o.length;i++)o[i].style.display=\"none\";for(i=0;i<a.length;i++)s=a[i],e.source===s.contentWindow&&(s.removeAttribute(\"style\"),\"height\"===t.message?(1e3<(r=parseInt(t.value,10))?r=1e3:~~r<200&&(r=200),s.height=r):\"link\"===t.message&&(r=new URL(s.getAttribute(\"src\")),n=new URL(t.value),c.test(n.protocol))&&n.host===r.host&&l.activeElement===s&&(d.top.location.href=t.value))}},d.addEventListener(\"message\",d.wp.receiveEmbedMessage,!1),l.addEventListener(\"DOMContentLoaded\",function(){for(var e,t,s=l.querySelectorAll(\"iframe.wp-embedded-content\"),r=0;r<s.length;r++)(t=(e=s[r]).getAttribute(\"data-secret\"))||(t=Math.random().toString(36).substring(2,12),e.src+=\"#?secret=\"+t,e.setAttribute(\"data-secret\",t)),e.contentWindow.postMessage({message:\"ready\",secret:t},\"*\")},!1)))}(window,document);\n\/\/# sourceURL=https:\/\/radiolitoral.com\/wp-includes\/js\/wp-embed.min.js\n<\/script>","thumbnail_url":"https:\/\/media.radiolitoral.com\/wp-content\/uploads\/2025\/12\/30103530\/542855722_18161231599373693_5294970709023451514_n-1.jpg","thumbnail_width":1440,"thumbnail_height":961,"description":"El Comit\u00e9 de Competici\u00f3n le dio la raz\u00f3n en su reclamaci\u00f3n por alineaci\u00f3n indebida del CF BenidormEl Comit\u00e9 de Competici\u00f3n le dio la raz\u00f3n en su reclamaci\u00f3n por alineaci\u00f3n indebida del CF Benidorm"}