{"version":"1.0","provider_name":"R\u00e0dio Litoral","provider_url":"https:\/\/radiolitoral.com\/ca","title":"Ondara vive con intensidad su Semana Santa | R\u00e0dio Litoral","type":"rich","width":600,"height":338,"html":"<blockquote class=\"wp-embedded-content\" data-secret=\"7TA2RtVH0I\"><a href=\"https:\/\/radiolitoral.com\/ca\/2024\/04\/ondara-vive-con-intensidad-su-semana-santa\/\">Ondara viu amb intensitat la Setmana Santa<\/a><\/blockquote><iframe sandbox=\"allow-scripts\" security=\"restricted\" src=\"https:\/\/radiolitoral.com\/ca\/2024\/04\/ondara-vive-con-intensidad-su-semana-santa\/embed\/#?secret=7TA2RtVH0I\" width=\"600\" height=\"338\" title=\"\u201cOndara viu amb intensitat la Setmana Santa\u201d \u2014 R\u00e0dio Litoral\" data-secret=\"7TA2RtVH0I\" frameborder=\"0\" marginwidth=\"0\" marginheight=\"0\" scrolling=\"no\" class=\"wp-embedded-content\"><\/iframe><script>\n\/*! This file is auto-generated *\/\n!function(d,l){\"use strict\";l.querySelector&&d.addEventListener&&\"undefined\"!=typeof URL&&(d.wp=d.wp||{},d.wp.receiveEmbedMessage||(d.wp.receiveEmbedMessage=function(e){var t=e.data;if((t||t.secret||t.message||t.value)&&!\/[^a-zA-Z0-9]\/.test(t.secret)){for(var s,r,n,a=l.querySelectorAll('iframe[data-secret=\"'+t.secret+'\"]'),o=l.querySelectorAll('blockquote[data-secret=\"'+t.secret+'\"]'),c=new RegExp(\"^https?:$\",\"i\"),i=0;i<o.length;i++)o[i].style.display=\"none\";for(i=0;i<a.length;i++)s=a[i],e.source===s.contentWindow&&(s.removeAttribute(\"style\"),\"height\"===t.message?(1e3<(r=parseInt(t.value,10))?r=1e3:~~r<200&&(r=200),s.height=r):\"link\"===t.message&&(r=new URL(s.getAttribute(\"src\")),n=new URL(t.value),c.test(n.protocol))&&n.host===r.host&&l.activeElement===s&&(d.top.location.href=t.value))}},d.addEventListener(\"message\",d.wp.receiveEmbedMessage,!1),l.addEventListener(\"DOMContentLoaded\",function(){for(var e,t,s=l.querySelectorAll(\"iframe.wp-embedded-content\"),r=0;r<s.length;r++)(t=(e=s[r]).getAttribute(\"data-secret\"))||(t=Math.random().toString(36).substring(2,12),e.src+=\"#?secret=\"+t,e.setAttribute(\"data-secret\",t)),e.contentWindow.postMessage({message:\"ready\",secret:t},\"*\")},!1)))}(window,document);\n\/\/# sourceURL=https:\/\/radiolitoral.com\/wp-includes\/js\/wp-embed.min.js\n<\/script>","thumbnail_url":"https:\/\/media.radiolitoral.com\/wp-content\/uploads\/2024\/04\/02124223\/Ondara-setmana-santa-3.webp","thumbnail_width":1440,"thumbnail_height":1440,"description":"Ha contado con actos todos los d\u00edas, menos la procesi\u00f3n del Lunes Santo que se suspendi\u00f3 por lluvia Ha contado con actos todos los d\u00edas, menos la procesi\u00f3n del Lunes Santo que se suspendi\u00f3 por lluvia"}